{"id":16,"date":"2022-02-19T20:41:21","date_gmt":"2022-02-19T20:41:21","guid":{"rendered":"https:\/\/gpsites.co\/scribe\/?page_id=16"},"modified":"2023-06-07T12:26:02","modified_gmt":"2023-06-07T12:26:02","slug":"sobre","status":"publish","type":"page","link":"https:\/\/grupos.alacip.org\/gppps\/sobre\/","title":{"rendered":"Sobre"},"content":{"rendered":"\n<p><strong>GRUPO DE INVESTIGACI\u00d3N EN POL\u00cdTICAS P\u00daBLICAS Y PROTECCI\u00d3N SOCIAL (GPPPS)<\/strong><\/p>\n\n\n\n<p><\/p>\n\n\n\n<p><strong>OBJETIVOS<\/strong><\/p>\n\n\n\n<p><br>-Promover los estudios sobre pol\u00edticas p\u00fablicas y protecci\u00f3n social en el campo de la ciencia pol\u00edtica.<\/p>\n\n\n\n<p>-Propiciar la interacci\u00f3n de investigadores\/as de Am\u00e9rica Latina interesados en la tem\u00e1tica de las pol\u00edticas p\u00fablicas y protecci\u00f3n social.<\/p>\n\n\n\n<p>-Promover la cooperaci\u00f3n para la recolecci\u00f3n de informaci\u00f3n y la construcci\u00f3n de bases de datos.<\/p>\n\n\n\n<p>-Fortalecer v\u00ednculos entre investigadores\/as y unidades de investigaci\u00f3n especializadas.<\/p>\n\n\n\n<p>-Alentar la realizaci\u00f3n de estudios comparados.<\/p>\n\n\n\n<p>-Analizar la agenda de reformas sociales de los pa\u00edses latinoamericanos.<\/p>\n\n\n\n<p>-Identificar tem\u00e1ticas emergentes en los estudios sobre pol\u00edticas p\u00fablicas y protecci\u00f3n social, as\u00ed como nuevas metodolog\u00edas.<\/p>\n\n\n\n<p>-Debatir metodolog\u00edas para el estudio de las pol\u00edticas p\u00fablicas y protecci\u00f3n social<\/p>\n\n\n\n<p><strong>RECORTE SECTORIAL<\/strong><\/p>\n\n\n\n<p>Este grupo busca abordar discusiones sobre pol\u00edticas p\u00fablicas y protecci\u00f3n social: sea general o espec\u00edfica. El \u00e9nfasis otorgado al concepto de \u201cReg\u00edmenes de bienestar\u201d en los temas de inter\u00e9s es para que \u00e9l no ocupe todo el espacio del grupo y para que los otros intereses y \u00e1reas tengan su lugar.<\/p>\n\n\n\n<p><strong>\u00bfTEOR\u00cdA O EMPIRIA?<\/strong><\/p>\n\n\n\n<p>Este grupo estimular\u00e1 la producci\u00f3n tanto del debate te\u00f3rico-conceptual, en sus diversas posibilidades y l\u00edneas, as\u00ed como an\u00e1lisis emp\u00edricos.<\/p>\n\n\n\n<p><strong>METODOLOG\u00cdAS<\/strong><\/p>\n\n\n\n<p>El grupo entiende por metodolog\u00eda los diferentes dise\u00f1os de investigaci\u00f3n, es decir, las posibles y necesarias estrategias utilizadas en la Ciencia Pol\u00edtica (aunque sin rehuir a los aportes que permite la interdisciplinariedad) para alcanzar inferencias v\u00e1lidas. De esta forma, estimularemos tanto los abordajes cuantitativos, as\u00ed como los cualitativos a los que se agregan las estrategias comparativas que pueden formar parte de los mencionados acercamientos. El grupo promover\u00e1 la explicitaci\u00f3n y justificaci\u00f3n de las metodolog\u00edas, m\u00e9todos y t\u00e9cnicas de investigaci\u00f3n utilizadas para el estudio de la tem\u00e1tica de referencia.<\/p>\n\n\n\n<p><strong>TEMAS DE INTER\u00c9S<\/strong><br><\/p>\n\n\n\n<ol class=\"wp-block-list\">\n<li>\u201cInstituciones y Pol\u00edticas\u201d: Dedicado al examen de pol\u00edticas p\u00fablicas espec\u00edficas. El objetivo es analizar el papel de las instituciones de forma general, del Estado, de las agencias gubernamentales, de las burocracias, y sus relaciones con los actores no estatales; as\u00ed como, de las modalidades de organizaci\u00f3n pol\u00edtico territorial (federalismo o unitarismo), de las relaciones intergubernamentales, de los partidos pol\u00edticos y movimientos sociales, en la conformaci\u00f3n de las pol\u00edticas, incorporando as\u00ed un enfoque de econom\u00eda pol\u00edtica. De igual forma, y entendiendo la inerradicable vinculaci\u00f3n entre lo econ\u00f3mico y social en la provisi\u00f3n y distribuci\u00f3n de protecciones y cuidados, se toman en consideraci\u00f3n tanto instituciones y acciones estatales del \u00e1mbito de la asistencia, la protecci\u00f3n y la seguridad social como las propias del \u00e1mbito econ\u00f3mico (fiscales, productivas, tributarias, etc.). Todo este sub-campo re\u00fane trabajos que analizan pol\u00edticas en sus respectivos procesos, sus determinantes y sus productividades; trabajos comparativos de pol\u00edticas sectoriales; trabajos comparativos de una misma pol\u00edtica en diversos pa\u00edses, entre otros.<\/li>\n\n\n\n<li>\u201cReg\u00edmenes de bienestar en Am\u00e9rica Latina\u201d: Busca reunir trabajos que discutan el tema (e incluso problematicen la noci\u00f3n) en el contexto de la regi\u00f3n, sus contornos, causas y consecuencias; tanto desde un punto de vista comparativo buscando regularidades y tendencias con propuestas de modelos anal\u00edticos espec\u00edficos, como estudios que expliquen las especificidades de cada pa\u00eds. Tales abordajes podr\u00e1n incluir las distintas esferas que intervienen en la configuraci\u00f3n de tales reg\u00edmenes y sus interacciones (estatal, mercantil, comunitaria, social y\/o familiar). Asimismo, esta indagaci\u00f3n se articular\u00e1 necesariamente con aquella referida a los reg\u00edmenes de acumulaci\u00f3n y desarrollo, buscando darle densidad conceptual y emp\u00edrica a la \u201cmaterialidad\u201d de los esquemas protectivos.<\/li>\n\n\n\n<li>\u201cAn\u00e1lisis de pol\u00edticas p\u00fablicas\u201d que se concentra en los procesos decisorios de pol\u00edticas p\u00fablicas a partir de la interacci\u00f3n entre actores pol\u00edticos y sociales en la formulaci\u00f3n, implementaci\u00f3n, gesti\u00f3n, evaluaci\u00f3n y rendici\u00f3n de cuentas de las intervenciones estatales; el papel de las agencias y burocracias p\u00fablicas, as\u00ed como de las ideas y valores culturales en la producci\u00f3n de pol\u00edticas, entre otros.<\/li>\n<\/ol>\n\n\n\n<p><strong>ACTIVIDADES<\/strong><\/p>\n\n\n\n<p>El Grupo se propone llevar a cabo diferentes actividades, entre las cuales pueden destacarse las siguientes:<\/p>\n\n\n\n<ul class=\"wp-block-list\">\n<li>Organizar encuentros especializados, seminarios y reuniones de trabajo.<\/li>\n\n\n\n<li>Difusi\u00f3n de informaci\u00f3n entre los miembros.<\/li>\n\n\n\n<li>Crear una base de datos de bibliograf\u00eda especializada.<\/li>\n\n\n\n<li>Obtener apoyo institucional para crear una base de datos institucionales especializada.<\/li>\n\n\n\n<li>Participar de los congresos de ALACIP con paneles propios.<\/li>\n\n\n\n<li>Difusi\u00f3n permanente de actividades entre los miembros.<\/li>\n\n\n\n<li>El apoyo a las investigaciones sobre la tem\u00e1tica del grupo en las diferentes unidades acad\u00e9micas de la regi\u00f3n.<\/li>\n\n\n\n<li>Promover publicaciones colectivas y\/o individuales sobre la tem\u00e1tica del grupo en formato de libros, dossier, art\u00edculos cient\u00edficos en revistas indexadas, <em>policy paper<\/em>, etc.<\/li>\n\n\n\n<li>Incentivaci\u00f3n de la investigaci\u00f3n en Red.<\/li>\n<\/ul>\n\n\n\n<p><strong>QUIENES PUEDEN PARTICIPAR<br><\/strong><\/p>\n\n\n\n<p>El Grupo est\u00e1 abierto a la participaci\u00f3n activa de docentes, investigadores y estudiantes de posgrado de cualquier instituci\u00f3n acad\u00e9mica que trabajen los temas relativos a las \u00e1reas de inter\u00e9s del grupo.<br>La petici\u00f3n de ingreso como miembro deber\u00e1 ser enviada por email a algun@ de l@s coordinadores del grupo y al e-mail institucional. Posteriormente, se deber\u00e1 completar un formulario y un cuestionario. Finalmente, ser\u00e1 incorporad@ en la lista de miembros activos del grupo.<\/p>\n\n\n\n<p><strong>ORGANIZACI\u00d3N<\/strong><\/p>\n\n\n\n<p><br>El Grupo se organiza bajo el formato de una coordinaci\u00f3n colegiada la cual podr\u00e1 contar con alguna asistencia espec\u00edfica seg\u00fan las necesidades que se presenten.<\/p>\n\n\n\n<div style=\"height:100px\" aria-hidden=\"true\" class=\"wp-block-spacer\"><\/div>\n","protected":false},"excerpt":{"rendered":"<p>GRUPO DE INVESTIGACI\u00d3N EN POL\u00cdTICAS P\u00daBLICAS Y PROTECCI\u00d3N SOCIAL (GPPPS) OBJETIVOS -Promover los estudios sobre pol\u00edticas p\u00fablicas y protecci\u00f3n social en el campo de la ciencia pol\u00edtica. -Propiciar la interacci\u00f3n de investigadores\/as de Am\u00e9rica Latina interesados en la tem\u00e1tica de las pol\u00edticas p\u00fablicas y protecci\u00f3n social. -Promover la cooperaci\u00f3n para la recolecci\u00f3n de informaci\u00f3n y [&hellip;]<\/p>\n","protected":false},"author":1,"featured_media":0,"parent":0,"menu_order":0,"comment_status":"closed","ping_status":"closed","template":"","meta":{"_et_pb_use_builder":"","_et_pb_old_content":"","_et_gb_content_width":"","footnotes":""},"class_list":["post-16","page","type-page","status-publish","hentry"],"_links":{"self":[{"href":"https:\/\/grupos.alacip.org\/gppps\/wp-json\/wp\/v2\/pages\/16","targetHints":{"allow":["GET"]}}],"collection":[{"href":"https:\/\/grupos.alacip.org\/gppps\/wp-json\/wp\/v2\/pages"}],"about":[{"href":"https:\/\/grupos.alacip.org\/gppps\/wp-json\/wp\/v2\/types\/page"}],"author":[{"embeddable":true,"href":"https:\/\/grupos.alacip.org\/gppps\/wp-json\/wp\/v2\/users\/1"}],"replies":[{"embeddable":true,"href":"https:\/\/grupos.alacip.org\/gppps\/wp-json\/wp\/v2\/comments?post=16"}],"version-history":[{"count":5,"href":"https:\/\/grupos.alacip.org\/gppps\/wp-json\/wp\/v2\/pages\/16\/revisions"}],"predecessor-version":[{"id":1506,"href":"https:\/\/grupos.alacip.org\/gppps\/wp-json\/wp\/v2\/pages\/16\/revisions\/1506"}],"wp:attachment":[{"href":"https:\/\/grupos.alacip.org\/gppps\/wp-json\/wp\/v2\/media?parent=16"}],"curies":[{"name":"wp","href":"https:\/\/api.w.org\/{rel}","templated":true}]}}